{"id":15872,"date":"2023-01-01T14:34:43","date_gmt":"2023-01-01T13:34:43","guid":{"rendered":"https:\/\/parlera.fr\/wp\/?page_id=15872"},"modified":"2026-08-28T15:12:24","modified_gmt":"2026-08-28T14:12:24","slug":"actualites-informations-en-haute-savoie","status":"publish","type":"page","link":"https:\/\/parlera.fr\/wp\/les-centres-ressources\/cria-74\/actualites-informations-en-haute-savoie\/","title":{"rendered":"Actualit\u00e9s et informations en Haute-Savoie"},"content":{"rendered":"<p style=\"text-align: center;\"><span style=\"background-color: #ffbd99;\"><strong>&#8220;Journ\u00e9es <span style=\"background-color: #ffbd99;\">Nationales d&#8217;A<\/span>ctions Contre l&#8217;Illettrisme (JNAI)&#8221;<\/strong><\/span><\/p>\n<p style=\"text-align: center;\"><span style=\"color: #fa9761;\">13<sup>\u00e8me<\/sup> \u00e9dition<\/span><\/p>\n<p style=\"text-align: left;\">Impuls\u00e9es par <strong>l\u2019Agence Nationale de Lutte Contre l\u2019Illettrisme<\/strong> (ANLCI),<\/p>\n<p style=\"text-align: left;\">les JNAI 2026 se d\u00e9rouleront <span style=\"color: #fa9761;\">du 8 septembre au 2 octobre<\/span> sur le th\u00e8me<\/p>\n<p style=\"text-align: left;\"><strong><span style=\"color: #fa9761;\">\u00ab\u00a0<a style=\"color: #fa9761;\" href=\"https:\/\/www.anlci.gouv.fr\/portail-mobilisation-jnai-2026\/\"><em>10% concern\u00e9s, 100% <span style=\"color: #fa9761;\">mobilis\u00e9s<\/span><\/em><\/a> \u00bb.<\/span><\/strong><\/p>\n<p>&nbsp;<\/p>\n<p style=\"text-align: left;\"><span style=\"background-color: #ffbd99; color: #ffffff;\"><strong>Lancement officiel <\/strong><\/span><span style=\"color: #fa9761;\"><strong>\u00a0 <\/strong>Jeudi 3 septembre 2026 <\/span>\u00e0 14h30<\/p>\n<p style=\"text-align: left;\">sous forme de webinaire, ouvert \u00e0 toutes et tous :<span style=\"color: #808080;\"> <a style=\"color: #808080;\" href=\"https:\/\/events.teams.microsoft.com\/event\/c1cc06dd-14e5-4823-879e-6bd8ca9d9913@47090135-69d5-434c-9c41-611e26c44328\">sur inscription<\/a>.<\/span><\/p>\n<p>&nbsp;<\/p>\n<p><span style=\"background-color: #ffbd99; color: #ffffff;\"><strong>En Haute-Savoie\u00a0<\/strong><\/span> sont notamment programm\u00e9s :<\/p>\n<ul>\n<li><span style=\"color: #fa9761;\"><span style=\"color: #000000;\">une journ\u00e9e de sensibilisation :<\/span> Mardi 8 septembre 2026<\/span><\/li>\n<\/ul>\n<p><span style=\"color: #fa9761;\">\u00ab <strong><em>L&#8217;illettrisme aujourd&#8217;hui : entre id\u00e9es re\u00e7ues et r\u00e9alit\u00e9s de terrain<\/em><\/strong> \u00bb <\/span><\/p>\n<p>organis\u00e9e par <strong>Savoie et Haute-Savoie Biblio <\/strong>\u00e0 Alby-sur-Ch\u00e9ran\u00a0:<span style=\"color: #808080;\"> <a style=\"color: #808080;\" href=\"https:\/\/www.biblio7374.fr\/journee-de-sensibilisation-sur-lillettrisme.aspx\">Programme et inscriptions.<\/a><\/span><\/p>\n<ul>\n<li>Un atelier d\u00e9di\u00e9 sur la num\u00e9ratie <strong><em><span style=\"color: #fa9761;\">&#8221; D\u00e9couverte du Budget &#8221; <\/span><\/em><\/strong>avec <strong>La Banque de France\u00a0<\/strong><\/li>\n<\/ul>\n<p><span style=\"color: #000000;\"><span style=\"color: #fa9761;\">Lundi 14 septembre 2026<\/span> de 14h \u00e0 16h \u00e0 Annecy avec la F.O.L. 74<\/span><\/p>\n<p><span style=\"color: #fa9761;\">Mardi 15 septembre 2026 <\/span>de 9h30 \u00e0 11h30 \u00e0 Monnetier-Mornex avec le CPH \u00ab Le\u00a0 \u00a0 \u00a0 \u00a0 \u00a0 \u00a0 \u00a0 \u00a0 \u00a0 \u00a0 Rayon de Soleil \u00bb<\/p>\n<ul>\n<li><span style=\"color: #fa9761;\"><span style=\"color: #000000;\">une session de formation :<\/span> Vendredi 18 septembre 2026<\/span><\/li>\n<\/ul>\n<p><em><span style=\"color: #fa9761;\">\u00ab <strong>IA, impacts RH et inclusion num\u00e9rique<\/strong><\/span><\/em><span style=\"color: #fa9761;\"> \u00bb <span style=\"color: #000000;\">avec<\/span><strong><span style=\"color: #000000;\"> St\u00e9phane GARDE de la COOP NUM<\/span><\/strong><\/span><\/p>\n<p><span style=\"color: #fa9761;\"><span style=\"color: #000000;\">de 9h \u00e0 12h30 en webinaire <\/span><a href=\"https:\/\/parlera.fr\/wp\/wp-content\/uploads\/2026\/08\/InclusIA-74_Prog-Module-2_IA-impact-RH_180926.pdf\"><span style=\"color: #808080;\">\u00e0 destination des entreprises.<\/span><\/a><\/span><\/p>\n<ul>\n<li><span style=\"color: #fa9761;\"><span style=\"color: #000000;\">une animation m\u00ealant art, expressions du visage et mimes :<\/span> Jeudi 24 septembre 2026<\/span><\/li>\n<\/ul>\n<p><strong><em><span style=\"color: #fa9761;\">\u00ab Qu\u2019est-ce qu\u2019une expression ? \u00bb<\/span><\/em><\/strong><span style=\"color: #000000;\"> avec deux biblioth\u00e9caires<\/span><\/p>\n<p>de 10h \u00e0 11h \u00e0 <strong>la M\u00e9diath\u00e8que de Thonon-les-Bains<\/strong><\/p>\n<p>&nbsp;<\/p>\n<p><strong><span style=\"background-color: #ffbd99; color: #ffffff;\">Pour en savoir plus<\/span><\/strong><\/p>\n<ul>\n<li>Sur les JNAI : cliquer <span style=\"color: #999999;\"><strong><a style=\"color: #999999;\" href=\"https:\/\/www.anlci.gouv.fr\/ressources\/jnai\/\">ici<\/a><\/strong><\/span><\/li>\n<li>Sur toute la programmation locale, r\u00e9gionale, nationale ! cliquer\u00a0<strong><span style=\"color: #fa9761;\"><span style=\"color: #999999;\"><a style=\"color: #999999;\" href=\"https:\/\/www.illettrisme-journees.fr\/programme-2026\/\">ici<\/a><\/span><\/span><\/strong><\/li>\n<\/ul>\n<p>&nbsp;<\/p>\n<p style=\"text-align: center;\">Bonne rentr\u00e9e \u00e0 toutes et tous\u00a0!<\/p>\n<p>&nbsp;<\/p>\n<p style=\"text-align: center;\"><a href=\"https:\/\/parlera.fr\/wp\/les-centres-ressources\/cria-74\/\" target=\"_blank\" rel=\"noopener\">Retour \u00e0 la page CRIA74<\/a><\/p>\n","protected":false},"excerpt":{"rendered":"<p>&#8220;Journ\u00e9es Nationales d&#8217;Actions Contre l&#8217;Illettrisme (JNAI)&#8221; 13\u00e8me \u00e9dition Impuls\u00e9es par l\u2019Agence Nationale de Lutte Contre l\u2019Illettrisme (ANLCI), les JNAI 2026 se d\u00e9rouleront du 8 septembre au 2 octobre sur le &hellip;<\/p>\n","protected":false},"author":18,"featured_media":0,"parent":15,"menu_order":1,"comment_status":"closed","ping_status":"closed","template":"","meta":{"_mi_skip_tracking":false,"footnotes":""},"class_list":["post-15872","page","type-page","status-publish","hentry"],"jetpack_shortlink":"https:\/\/wp.me\/P5C1Zr-480","jetpack_sharing_enabled":true,"_links":{"self":[{"href":"https:\/\/parlera.fr\/wp\/wp-json\/wp\/v2\/pages\/15872","targetHints":{"allow":["GET"]}}],"collection":[{"href":"https:\/\/parlera.fr\/wp\/wp-json\/wp\/v2\/pages"}],"about":[{"href":"https:\/\/parlera.fr\/wp\/wp-json\/wp\/v2\/types\/page"}],"author":[{"embeddable":true,"href":"https:\/\/parlera.fr\/wp\/wp-json\/wp\/v2\/users\/18"}],"replies":[{"embeddable":true,"href":"https:\/\/parlera.fr\/wp\/wp-json\/wp\/v2\/comments?post=15872"}],"version-history":[{"count":73,"href":"https:\/\/parlera.fr\/wp\/wp-json\/wp\/v2\/pages\/15872\/revisions"}],"predecessor-version":[{"id":24150,"href":"https:\/\/parlera.fr\/wp\/wp-json\/wp\/v2\/pages\/15872\/revisions\/24150"}],"up":[{"embeddable":true,"href":"https:\/\/parlera.fr\/wp\/wp-json\/wp\/v2\/pages\/15"}],"wp:attachment":[{"href":"https:\/\/parlera.fr\/wp\/wp-json\/wp\/v2\/media?parent=15872"}],"curies":[{"name":"wp","href":"https:\/\/api.w.org\/{rel}","templated":true}]}}